{"id":1548,"date":"2026-01-14T11:38:14","date_gmt":"2026-01-14T10:38:14","guid":{"rendered":"https:\/\/elm-formaction.fr\/?page_id=1548"},"modified":"2026-04-24T14:08:57","modified_gmt":"2026-04-24T12:08:57","slug":"formations-electricite","status":"publish","type":"page","link":"https:\/\/elm-formaction.fr\/index.php\/formations-electricite\/","title":{"rendered":"Habilitations \u00e9lectriques"},"content":{"rendered":"\t\t<div data-elementor-type=\"wp-page\" data-elementor-id=\"1548\" class=\"elementor elementor-1548\" data-elementor-post-type=\"page\">\n\t\t\t\t<div class=\"elementor-element elementor-element-cd751e8 e-flex e-con-boxed e-con e-parent\" data-id=\"cd751e8\" data-element_type=\"container\" data-e-type=\"container\">\n\t\t\t\t\t<div class=\"e-con-inner\">\n\t\t\t\t<div class=\"elementor-element elementor-element-db86d6d elementor-grid-2 elementor-grid-tablet-2 elementor-grid-mobile-1 elementor-posts--thumbnail-top elementor-posts--show-avatar elementor-card-shadow-yes elementor-posts__hover-gradient elementor-widget elementor-widget-posts\" data-id=\"db86d6d\" data-element_type=\"widget\" data-e-type=\"widget\" data-settings=\"{&quot;cards_columns&quot;:&quot;2&quot;,&quot;cards_columns_tablet&quot;:&quot;2&quot;,&quot;cards_columns_mobile&quot;:&quot;1&quot;,&quot;cards_row_gap&quot;:{&quot;unit&quot;:&quot;px&quot;,&quot;size&quot;:35,&quot;sizes&quot;:[]},&quot;cards_row_gap_tablet&quot;:{&quot;unit&quot;:&quot;px&quot;,&quot;size&quot;:&quot;&quot;,&quot;sizes&quot;:[]},&quot;cards_row_gap_mobile&quot;:{&quot;unit&quot;:&quot;px&quot;,&quot;size&quot;:&quot;&quot;,&quot;sizes&quot;:[]}}\" data-widget_type=\"posts.cards\">\n\t\t\t\t<div class=\"elementor-widget-container\">\n\t\t\t\t\t\t\t<div class=\"elementor-posts-container elementor-posts elementor-posts--skin-cards elementor-grid\" role=\"list\">\n\t\t\t\t<article class=\"elementor-post elementor-grid-item post-1567 post type-post status-publish format-standard has-post-thumbnail hentry category-electricite\" role=\"listitem\">\n\t\t\t<div class=\"elementor-post__card\">\n\t\t\t\t<a class=\"elementor-post__thumbnail__link\" href=\"https:\/\/elm-formaction.fr\/index.php\/2026\/01\/14\/habilitation-electrique-h0v-b1v-b2v-br-bc\/\" tabindex=\"-1\" target=\"_blank\"><div class=\"elementor-post__thumbnail\"><img fetchpriority=\"high\" decoding=\"async\" width=\"169\" height=\"300\" src=\"https:\/\/elm-formaction.fr\/wp-content\/uploads\/2026\/04\/pexels-bulat843-1243575272-34054464-169x300.jpg\" class=\"attachment-medium size-medium wp-image-4170\" alt=\"Formation habilitation \u00e9lectrique H1V-B2V\" srcset=\"https:\/\/elm-formaction.fr\/wp-content\/uploads\/2026\/04\/pexels-bulat843-1243575272-34054464-169x300.jpg 169w, https:\/\/elm-formaction.fr\/wp-content\/uploads\/2026\/04\/pexels-bulat843-1243575272-34054464-576x1024.jpg 576w, https:\/\/elm-formaction.fr\/wp-content\/uploads\/2026\/04\/pexels-bulat843-1243575272-34054464-768x1365.jpg 768w, https:\/\/elm-formaction.fr\/wp-content\/uploads\/2026\/04\/pexels-bulat843-1243575272-34054464-864x1536.jpg 864w, https:\/\/elm-formaction.fr\/wp-content\/uploads\/2026\/04\/pexels-bulat843-1243575272-34054464-1152x2048.jpg 1152w, https:\/\/elm-formaction.fr\/wp-content\/uploads\/2026\/04\/pexels-bulat843-1243575272-34054464-300x533.jpg 300w, https:\/\/elm-formaction.fr\/wp-content\/uploads\/2026\/04\/pexels-bulat843-1243575272-34054464-scaled.jpg 1440w\" sizes=\"(max-width: 169px) 100vw, 169px\" \/><\/div><\/a>\n\t\t\t\t<div class=\"elementor-post__badge\">\u00c9lectricit\u00e9<\/div>\n\t\t\t\t<div class=\"elementor-post__avatar\">\n\t\t\t\t\t<\/div>\n\t\t\t\t<div class=\"elementor-post__text\">\n\t\t\t\t<h3 class=\"elementor-post__title\">\n\t\t\t<a href=\"https:\/\/elm-formaction.fr\/index.php\/2026\/01\/14\/habilitation-electrique-h0v-b1v-b2v-br-bc\/\" target=&quot;_blank&quot;>\n\t\t\t\tFormation H0V \u2013 B1V \u2013 B2V \u2013 B2V Essai \u2013 BR \u2013 BC\t\t\t<\/a>\n\t\t<\/h3>\n\t\t\t\t<div class=\"elementor-post__excerpt\">\n\t\t\t<p>Habilitation \u00e9lectrique H0V-B1V-B2V-B2V Essai-BR-BC Manoeuvre Formation conforme \u00e0 la norme NF C 18-510 &#038; D\u00e9cret n\u00b02010-1118 du 22 Septembre 2010 \u23f1\ufe0f Dur\u00e9e3 jours (21h) \ud83d\udc65<\/p>\n\t\t<\/div>\n\t\t\t\t\t<div class=\"elementor-post__read-more-wrapper\">\n\t\t\n\t\t<a class=\"elementor-post__read-more\" href=\"https:\/\/elm-formaction.fr\/index.php\/2026\/01\/14\/habilitation-electrique-h0v-b1v-b2v-br-bc\/\" aria-label=\"En savoir plus sur Formation H0V \u2013 B1V \u2013 B2V \u2013 B2V Essai \u2013 BR \u2013 BC\" tabindex=\"-1\" target=\"_blank\">\n\t\t\tLire la suite \u00bb\t\t<\/a>\n\n\t\t\t\t\t<\/div>\n\t\t\t\t<\/div>\n\t\t\t\t<div class=\"elementor-post__meta-data\">\n\t\t\t\t\t<span class=\"elementor-post-author\">\n\t\t\tElm-Formaction\t\t<\/span>\n\t\t\t\t<span class=\"elementor-post-date\">\n\t\t\t14\/01\/2026\t\t<\/span>\n\t\t\t\t<\/div>\n\t\t\t\t\t<\/div>\n\t\t<\/article>\n\t\t\t\t<article class=\"elementor-post elementor-grid-item post-4198 post type-post status-publish format-standard has-post-thumbnail hentry category-electricite\" role=\"listitem\">\n\t\t\t<div class=\"elementor-post__card\">\n\t\t\t\t<a class=\"elementor-post__thumbnail__link\" href=\"https:\/\/elm-formaction.fr\/index.php\/2026\/01\/13\/formation-b0l-executant\/\" tabindex=\"-1\" target=\"_blank\"><div class=\"elementor-post__thumbnail\"><img decoding=\"async\" width=\"300\" height=\"200\" src=\"https:\/\/elm-formaction.fr\/wp-content\/uploads\/2026\/04\/jaclou-dl-car-8607713_1920-300x200.jpg\" class=\"attachment-medium size-medium wp-image-4197\" alt=\"Habilitation \u00e9lectrique B0L-Ex\u00e9cutant pour v\u00e9hicule \u00e9lectrique\" srcset=\"https:\/\/elm-formaction.fr\/wp-content\/uploads\/2026\/04\/jaclou-dl-car-8607713_1920-300x200.jpg 300w, https:\/\/elm-formaction.fr\/wp-content\/uploads\/2026\/04\/jaclou-dl-car-8607713_1920-1024x684.jpg 1024w, https:\/\/elm-formaction.fr\/wp-content\/uploads\/2026\/04\/jaclou-dl-car-8607713_1920-768x513.jpg 768w, https:\/\/elm-formaction.fr\/wp-content\/uploads\/2026\/04\/jaclou-dl-car-8607713_1920-1536x1026.jpg 1536w, https:\/\/elm-formaction.fr\/wp-content\/uploads\/2026\/04\/jaclou-dl-car-8607713_1920.jpg 1920w\" sizes=\"(max-width: 300px) 100vw, 300px\" \/><\/div><\/a>\n\t\t\t\t<div class=\"elementor-post__badge\">\u00c9lectricit\u00e9<\/div>\n\t\t\t\t<div class=\"elementor-post__avatar\">\n\t\t\t\t\t<\/div>\n\t\t\t\t<div class=\"elementor-post__text\">\n\t\t\t\t<h3 class=\"elementor-post__title\">\n\t\t\t<a href=\"https:\/\/elm-formaction.fr\/index.php\/2026\/01\/13\/formation-b0l-executant\/\" target=&quot;_blank&quot;>\n\t\t\t\tFormation B0L-Ex\u00e9cutant\t\t\t<\/a>\n\t\t<\/h3>\n\t\t\t\t<div class=\"elementor-post__excerpt\">\n\t\t\t<p>Habilitation \u00e9lectrique B0L-Ex\u00e9cutant Op\u00e9rations d&rsquo;ordre non \u00e9lectrique Ex\u00e9cutant\/charg\u00e9 de r\u00e9paration \u23f1\ufe0f Dur\u00e9e1 jours (7h) \ud83d\udc65 PublicPersonnel r\u00e9alisant des travaux non \u00e9lectrique sur des v\u00e9hicules \u00e9lectriques<\/p>\n\t\t<\/div>\n\t\t\t\t\t<div class=\"elementor-post__read-more-wrapper\">\n\t\t\n\t\t<a class=\"elementor-post__read-more\" href=\"https:\/\/elm-formaction.fr\/index.php\/2026\/01\/13\/formation-b0l-executant\/\" aria-label=\"En savoir plus sur Formation B0L-Ex\u00e9cutant\" tabindex=\"-1\" target=\"_blank\">\n\t\t\tLire la suite \u00bb\t\t<\/a>\n\n\t\t\t\t\t<\/div>\n\t\t\t\t<\/div>\n\t\t\t\t<div class=\"elementor-post__meta-data\">\n\t\t\t\t\t<span class=\"elementor-post-author\">\n\t\t\tElm-Formaction\t\t<\/span>\n\t\t\t\t<span class=\"elementor-post-date\">\n\t\t\t13\/01\/2026\t\t<\/span>\n\t\t\t\t<\/div>\n\t\t\t\t\t<\/div>\n\t\t<\/article>\n\t\t\t\t<\/div>\n\t\t\n\t\t\t\t\t\t<\/div>\n\t\t\t\t<\/div>\n\t\t\t\t\t<\/div>\n\t\t\t\t<\/div>\n\t\t\t\t<\/div>\n\t\t","protected":false},"excerpt":{"rendered":"","protected":false},"author":1,"featured_media":3968,"parent":0,"menu_order":0,"comment_status":"closed","ping_status":"closed","template":"","meta":{"footnotes":""},"class_list":["post-1548","page","type-page","status-publish","has-post-thumbnail","hentry"],"yoast_head":"<!-- This site is optimized with the Yoast SEO plugin v27.5 - https:\/\/yoast.com\/product\/yoast-seo-wordpress\/ -->\n<title>Formations en habilitations \u00e9lectriques | ELM Formaction<\/title>\n<meta name=\"description\" content=\"Formations en \u00e9lectricit\u00e9 et habilitations \u00e9lectriques pour renforcer la s\u00e9curit\u00e9 des salari\u00e9s et pr\u00e9venir les risques professionnels.\" \/>\n<meta name=\"robots\" content=\"index, follow, max-snippet:-1, max-image-preview:large, max-video-preview:-1\" \/>\n<link rel=\"canonical\" href=\"https:\/\/elm-formaction.fr\/index.php\/formations-electricite\/\" \/>\n<meta property=\"og:locale\" content=\"fr_FR\" \/>\n<meta property=\"og:type\" content=\"article\" \/>\n<meta property=\"og:title\" content=\"Formations en habilitations \u00e9lectriques | ELM Formaction\" \/>\n<meta property=\"og:description\" content=\"Formations en \u00e9lectricit\u00e9 et habilitations \u00e9lectriques pour renforcer la s\u00e9curit\u00e9 des salari\u00e9s et pr\u00e9venir les risques professionnels.\" \/>\n<meta property=\"og:url\" content=\"https:\/\/elm-formaction.fr\/index.php\/formations-electricite\/\" \/>\n<meta property=\"og:site_name\" content=\"ELM-FORMACTION\" \/>\n<meta property=\"article:publisher\" content=\"https:\/\/www.facebook.com\/people\/ELM-FormAction\/61573750692677\/\" \/>\n<meta property=\"article:modified_time\" content=\"2026-04-24T12:08:57+00:00\" \/>\n<meta property=\"og:image\" content=\"https:\/\/elm-formaction.fr\/wp-content\/uploads\/2026\/04\/istockphoto-2148180187-612x612-1.jpg\" \/>\n\t<meta property=\"og:image:width\" content=\"612\" \/>\n\t<meta property=\"og:image:height\" content=\"299\" \/>\n\t<meta property=\"og:image:type\" content=\"image\/jpeg\" \/>\n<meta name=\"twitter:card\" content=\"summary_large_image\" \/>\n<meta name=\"twitter:label1\" content=\"Dur\u00e9e de lecture estim\u00e9e\" \/>\n\t<meta name=\"twitter:data1\" content=\"1 minute\" \/>\n<script type=\"application\/ld+json\" class=\"yoast-schema-graph\">{\"@context\":\"https:\\\/\\\/schema.org\",\"@graph\":[{\"@type\":\"WebPage\",\"@id\":\"https:\\\/\\\/elm-formaction.fr\\\/index.php\\\/formations-electricite\\\/\",\"url\":\"https:\\\/\\\/elm-formaction.fr\\\/index.php\\\/formations-electricite\\\/\",\"name\":\"Formations en habilitations \u00e9lectriques | ELM Formaction\",\"isPartOf\":{\"@id\":\"https:\\\/\\\/elm-formaction.fr\\\/#website\"},\"primaryImageOfPage\":{\"@id\":\"https:\\\/\\\/elm-formaction.fr\\\/index.php\\\/formations-electricite\\\/#primaryimage\"},\"image\":{\"@id\":\"https:\\\/\\\/elm-formaction.fr\\\/index.php\\\/formations-electricite\\\/#primaryimage\"},\"thumbnailUrl\":\"https:\\\/\\\/elm-formaction.fr\\\/wp-content\\\/uploads\\\/2026\\\/04\\\/istockphoto-2148180187-612x612-1.jpg\",\"datePublished\":\"2026-01-14T10:38:14+00:00\",\"dateModified\":\"2026-04-24T12:08:57+00:00\",\"description\":\"Formations en \u00e9lectricit\u00e9 et habilitations \u00e9lectriques pour renforcer la s\u00e9curit\u00e9 des salari\u00e9s et pr\u00e9venir les risques professionnels.\",\"breadcrumb\":{\"@id\":\"https:\\\/\\\/elm-formaction.fr\\\/index.php\\\/formations-electricite\\\/#breadcrumb\"},\"inLanguage\":\"fr-FR\",\"potentialAction\":[{\"@type\":\"ReadAction\",\"target\":[\"https:\\\/\\\/elm-formaction.fr\\\/index.php\\\/formations-electricite\\\/\"]}]},{\"@type\":\"ImageObject\",\"inLanguage\":\"fr-FR\",\"@id\":\"https:\\\/\\\/elm-formaction.fr\\\/index.php\\\/formations-electricite\\\/#primaryimage\",\"url\":\"https:\\\/\\\/elm-formaction.fr\\\/wp-content\\\/uploads\\\/2026\\\/04\\\/istockphoto-2148180187-612x612-1.jpg\",\"contentUrl\":\"https:\\\/\\\/elm-formaction.fr\\\/wp-content\\\/uploads\\\/2026\\\/04\\\/istockphoto-2148180187-612x612-1.jpg\",\"width\":612,\"height\":299,\"caption\":\"Engineers working in the main control room of a state-of-the-art chiller HVAC system.\"},{\"@type\":\"BreadcrumbList\",\"@id\":\"https:\\\/\\\/elm-formaction.fr\\\/index.php\\\/formations-electricite\\\/#breadcrumb\",\"itemListElement\":[{\"@type\":\"ListItem\",\"position\":1,\"name\":\"Accueil\",\"item\":\"https:\\\/\\\/elm-formaction.fr\\\/\"},{\"@type\":\"ListItem\",\"position\":2,\"name\":\"Habilitations \u00e9lectriques\"}]},{\"@type\":\"WebSite\",\"@id\":\"https:\\\/\\\/elm-formaction.fr\\\/#website\",\"url\":\"https:\\\/\\\/elm-formaction.fr\\\/\",\"name\":\"ELM-FORMACTION\",\"description\":\"Formez vous aujourd&#039;hui, agissez demain\",\"publisher\":{\"@id\":\"https:\\\/\\\/elm-formaction.fr\\\/#organization\"},\"potentialAction\":[{\"@type\":\"SearchAction\",\"target\":{\"@type\":\"EntryPoint\",\"urlTemplate\":\"https:\\\/\\\/elm-formaction.fr\\\/?s={search_term_string}\"},\"query-input\":{\"@type\":\"PropertyValueSpecification\",\"valueRequired\":true,\"valueName\":\"search_term_string\"}}],\"inLanguage\":\"fr-FR\"},{\"@type\":\"Organization\",\"@id\":\"https:\\\/\\\/elm-formaction.fr\\\/#organization\",\"name\":\"ELM-FORMACTION\",\"url\":\"https:\\\/\\\/elm-formaction.fr\\\/\",\"logo\":{\"@type\":\"ImageObject\",\"inLanguage\":\"fr-FR\",\"@id\":\"https:\\\/\\\/elm-formaction.fr\\\/#\\\/schema\\\/logo\\\/image\\\/\",\"url\":\"https:\\\/\\\/elm-formaction.fr\\\/wp-content\\\/uploads\\\/2025\\\/06\\\/Logo-pour-fond-blanc-2.svg\",\"contentUrl\":\"https:\\\/\\\/elm-formaction.fr\\\/wp-content\\\/uploads\\\/2025\\\/06\\\/Logo-pour-fond-blanc-2.svg\",\"width\":493,\"height\":158,\"caption\":\"ELM-FORMACTION\"},\"image\":{\"@id\":\"https:\\\/\\\/elm-formaction.fr\\\/#\\\/schema\\\/logo\\\/image\\\/\"},\"sameAs\":[\"https:\\\/\\\/www.facebook.com\\\/people\\\/ELM-FormAction\\\/61573750692677\\\/\",\"https:\\\/\\\/www.instagram.com\\\/elm_formaction\\\/\"]}]}<\/script>\n<!-- \/ Yoast SEO plugin. -->","yoast_head_json":{"title":"Formations en habilitations \u00e9lectriques | ELM Formaction","description":"Formations en \u00e9lectricit\u00e9 et habilitations \u00e9lectriques pour renforcer la s\u00e9curit\u00e9 des salari\u00e9s et pr\u00e9venir les risques professionnels.","robots":{"index":"index","follow":"follow","max-snippet":"max-snippet:-1","max-image-preview":"max-image-preview:large","max-video-preview":"max-video-preview:-1"},"canonical":"https:\/\/elm-formaction.fr\/index.php\/formations-electricite\/","og_locale":"fr_FR","og_type":"article","og_title":"Formations en habilitations \u00e9lectriques | ELM Formaction","og_description":"Formations en \u00e9lectricit\u00e9 et habilitations \u00e9lectriques pour renforcer la s\u00e9curit\u00e9 des salari\u00e9s et pr\u00e9venir les risques professionnels.","og_url":"https:\/\/elm-formaction.fr\/index.php\/formations-electricite\/","og_site_name":"ELM-FORMACTION","article_publisher":"https:\/\/www.facebook.com\/people\/ELM-FormAction\/61573750692677\/","article_modified_time":"2026-04-24T12:08:57+00:00","og_image":[{"width":612,"height":299,"url":"https:\/\/elm-formaction.fr\/wp-content\/uploads\/2026\/04\/istockphoto-2148180187-612x612-1.jpg","type":"image\/jpeg"}],"twitter_card":"summary_large_image","twitter_misc":{"Dur\u00e9e de lecture estim\u00e9e":"1 minute"},"schema":{"@context":"https:\/\/schema.org","@graph":[{"@type":"WebPage","@id":"https:\/\/elm-formaction.fr\/index.php\/formations-electricite\/","url":"https:\/\/elm-formaction.fr\/index.php\/formations-electricite\/","name":"Formations en habilitations \u00e9lectriques | ELM Formaction","isPartOf":{"@id":"https:\/\/elm-formaction.fr\/#website"},"primaryImageOfPage":{"@id":"https:\/\/elm-formaction.fr\/index.php\/formations-electricite\/#primaryimage"},"image":{"@id":"https:\/\/elm-formaction.fr\/index.php\/formations-electricite\/#primaryimage"},"thumbnailUrl":"https:\/\/elm-formaction.fr\/wp-content\/uploads\/2026\/04\/istockphoto-2148180187-612x612-1.jpg","datePublished":"2026-01-14T10:38:14+00:00","dateModified":"2026-04-24T12:08:57+00:00","description":"Formations en \u00e9lectricit\u00e9 et habilitations \u00e9lectriques pour renforcer la s\u00e9curit\u00e9 des salari\u00e9s et pr\u00e9venir les risques professionnels.","breadcrumb":{"@id":"https:\/\/elm-formaction.fr\/index.php\/formations-electricite\/#breadcrumb"},"inLanguage":"fr-FR","potentialAction":[{"@type":"ReadAction","target":["https:\/\/elm-formaction.fr\/index.php\/formations-electricite\/"]}]},{"@type":"ImageObject","inLanguage":"fr-FR","@id":"https:\/\/elm-formaction.fr\/index.php\/formations-electricite\/#primaryimage","url":"https:\/\/elm-formaction.fr\/wp-content\/uploads\/2026\/04\/istockphoto-2148180187-612x612-1.jpg","contentUrl":"https:\/\/elm-formaction.fr\/wp-content\/uploads\/2026\/04\/istockphoto-2148180187-612x612-1.jpg","width":612,"height":299,"caption":"Engineers working in the main control room of a state-of-the-art chiller HVAC system."},{"@type":"BreadcrumbList","@id":"https:\/\/elm-formaction.fr\/index.php\/formations-electricite\/#breadcrumb","itemListElement":[{"@type":"ListItem","position":1,"name":"Accueil","item":"https:\/\/elm-formaction.fr\/"},{"@type":"ListItem","position":2,"name":"Habilitations \u00e9lectriques"}]},{"@type":"WebSite","@id":"https:\/\/elm-formaction.fr\/#website","url":"https:\/\/elm-formaction.fr\/","name":"ELM-FORMACTION","description":"Formez vous aujourd&#039;hui, agissez demain","publisher":{"@id":"https:\/\/elm-formaction.fr\/#organization"},"potentialAction":[{"@type":"SearchAction","target":{"@type":"EntryPoint","urlTemplate":"https:\/\/elm-formaction.fr\/?s={search_term_string}"},"query-input":{"@type":"PropertyValueSpecification","valueRequired":true,"valueName":"search_term_string"}}],"inLanguage":"fr-FR"},{"@type":"Organization","@id":"https:\/\/elm-formaction.fr\/#organization","name":"ELM-FORMACTION","url":"https:\/\/elm-formaction.fr\/","logo":{"@type":"ImageObject","inLanguage":"fr-FR","@id":"https:\/\/elm-formaction.fr\/#\/schema\/logo\/image\/","url":"https:\/\/elm-formaction.fr\/wp-content\/uploads\/2025\/06\/Logo-pour-fond-blanc-2.svg","contentUrl":"https:\/\/elm-formaction.fr\/wp-content\/uploads\/2025\/06\/Logo-pour-fond-blanc-2.svg","width":493,"height":158,"caption":"ELM-FORMACTION"},"image":{"@id":"https:\/\/elm-formaction.fr\/#\/schema\/logo\/image\/"},"sameAs":["https:\/\/www.facebook.com\/people\/ELM-FormAction\/61573750692677\/","https:\/\/www.instagram.com\/elm_formaction\/"]}]}},"_links":{"self":[{"href":"https:\/\/elm-formaction.fr\/index.php\/wp-json\/wp\/v2\/pages\/1548","targetHints":{"allow":["GET"]}}],"collection":[{"href":"https:\/\/elm-formaction.fr\/index.php\/wp-json\/wp\/v2\/pages"}],"about":[{"href":"https:\/\/elm-formaction.fr\/index.php\/wp-json\/wp\/v2\/types\/page"}],"author":[{"embeddable":true,"href":"https:\/\/elm-formaction.fr\/index.php\/wp-json\/wp\/v2\/users\/1"}],"replies":[{"embeddable":true,"href":"https:\/\/elm-formaction.fr\/index.php\/wp-json\/wp\/v2\/comments?post=1548"}],"version-history":[{"count":5,"href":"https:\/\/elm-formaction.fr\/index.php\/wp-json\/wp\/v2\/pages\/1548\/revisions"}],"predecessor-version":[{"id":4133,"href":"https:\/\/elm-formaction.fr\/index.php\/wp-json\/wp\/v2\/pages\/1548\/revisions\/4133"}],"wp:featuredmedia":[{"embeddable":true,"href":"https:\/\/elm-formaction.fr\/index.php\/wp-json\/wp\/v2\/media\/3968"}],"wp:attachment":[{"href":"https:\/\/elm-formaction.fr\/index.php\/wp-json\/wp\/v2\/media?parent=1548"}],"curies":[{"name":"wp","href":"https:\/\/api.w.org\/{rel}","templated":true}]}}