{"id":1387,"date":"2026-01-12T10:02:45","date_gmt":"2026-01-12T09:02:45","guid":{"rendered":"https:\/\/elm-formaction.fr\/?page_id=1387"},"modified":"2026-04-21T14:47:50","modified_gmt":"2026-04-21T12:47:50","slug":"formations-incendie-en-entreprise","status":"publish","type":"page","link":"https:\/\/elm-formaction.fr\/index.php\/formations-incendie-en-entreprise\/","title":{"rendered":"Incendie"},"content":{"rendered":"\t\t<div data-elementor-type=\"wp-page\" data-elementor-id=\"1387\" class=\"elementor elementor-1387\" data-elementor-post-type=\"page\">\n\t\t\t\t<div class=\"elementor-element elementor-element-14d1411 e-flex e-con-boxed e-con e-parent\" data-id=\"14d1411\" data-element_type=\"container\" data-e-type=\"container\">\n\t\t\t\t\t<div class=\"e-con-inner\">\n\t\t\t\t<div class=\"elementor-element elementor-element-a3715c7 elementor-grid-3 elementor-grid-tablet-2 elementor-grid-mobile-1 elementor-posts--thumbnail-top elementor-posts--show-avatar elementor-card-shadow-yes elementor-posts__hover-gradient elementor-widget elementor-widget-posts\" data-id=\"a3715c7\" data-element_type=\"widget\" data-e-type=\"widget\" data-settings=\"{&quot;cards_columns&quot;:&quot;3&quot;,&quot;cards_columns_tablet&quot;:&quot;2&quot;,&quot;cards_columns_mobile&quot;:&quot;1&quot;,&quot;cards_row_gap&quot;:{&quot;unit&quot;:&quot;px&quot;,&quot;size&quot;:35,&quot;sizes&quot;:[]},&quot;cards_row_gap_tablet&quot;:{&quot;unit&quot;:&quot;px&quot;,&quot;size&quot;:&quot;&quot;,&quot;sizes&quot;:[]},&quot;cards_row_gap_mobile&quot;:{&quot;unit&quot;:&quot;px&quot;,&quot;size&quot;:&quot;&quot;,&quot;sizes&quot;:[]}}\" data-widget_type=\"posts.cards\">\n\t\t\t\t<div class=\"elementor-widget-container\">\n\t\t\t\t\t\t\t<div class=\"elementor-posts-container elementor-posts elementor-posts--skin-cards elementor-grid\" role=\"list\">\n\t\t\t\t<article class=\"elementor-post elementor-grid-item post-589 post type-post status-publish format-standard has-post-thumbnail hentry category-incendie\" role=\"listitem\">\n\t\t\t<div class=\"elementor-post__card\">\n\t\t\t\t<a class=\"elementor-post__thumbnail__link\" href=\"https:\/\/elm-formaction.fr\/index.php\/2026\/01\/14\/epi-equipier-de-premiere-intervention-initial-formation-professionnelle\/\" tabindex=\"-1\" ><div class=\"elementor-post__thumbnail\"><img fetchpriority=\"high\" decoding=\"async\" width=\"225\" height=\"300\" src=\"https:\/\/elm-formaction.fr\/wp-content\/uploads\/2026\/02\/divers-epi-2--225x300.jpg\" class=\"attachment-medium size-medium wp-image-1856\" alt=\"Formation EPI \u2013 manipulation d\u2019extincteur et intervention en cas de d\u00e9part de feu\" srcset=\"https:\/\/elm-formaction.fr\/wp-content\/uploads\/2026\/02\/divers-epi-2--225x300.jpg 225w, https:\/\/elm-formaction.fr\/wp-content\/uploads\/2026\/02\/divers-epi-2--scaled-300x400.jpg 300w, https:\/\/elm-formaction.fr\/wp-content\/uploads\/2026\/02\/divers-epi-2--768x1024.jpg 768w, https:\/\/elm-formaction.fr\/wp-content\/uploads\/2026\/02\/divers-epi-2--1152x1536.jpg 1152w, https:\/\/elm-formaction.fr\/wp-content\/uploads\/2026\/02\/divers-epi-2--1536x2048.jpg 1536w, https:\/\/elm-formaction.fr\/wp-content\/uploads\/2026\/02\/divers-epi-2--scaled.jpg 1920w\" sizes=\"(max-width: 225px) 100vw, 225px\" \/><\/div><\/a>\n\t\t\t\t<div class=\"elementor-post__badge\">Incendie<\/div>\n\t\t\t\t<div class=\"elementor-post__avatar\">\n\t\t\t\t\t<\/div>\n\t\t\t\t<div class=\"elementor-post__text\">\n\t\t\t\t<h3 class=\"elementor-post__title\">\n\t\t\t<a href=\"https:\/\/elm-formaction.fr\/index.php\/2026\/01\/14\/epi-equipier-de-premiere-intervention-initial-formation-professionnelle\/\" >\n\t\t\t\tEPI (\u00c9quipier de Premi\u00e8re Intervention) Initial\t\t\t<\/a>\n\t\t<\/h3>\n\t\t\t\t<div class=\"elementor-post__excerpt\">\n\t\t\t<p>E.P.I \u00c9quipier de premi\u00e8re intervention Initial Intervenir de mani\u00e8re efficace face \u00e0 un feu naissant \u23f1\ufe0f Dur\u00e9e1\/2 jour (4h) \ud83d\udc65 PublicTout salari\u00e9 \ud83d\udc65 Nombre de<\/p>\n\t\t<\/div>\n\t\t\n\t\t<a class=\"elementor-post__read-more\" href=\"https:\/\/elm-formaction.fr\/index.php\/2026\/01\/14\/epi-equipier-de-premiere-intervention-initial-formation-professionnelle\/\" aria-label=\"En savoir plus sur EPI (\u00c9quipier de Premi\u00e8re Intervention) Initial\" tabindex=\"-1\" >\n\t\t\tLire la suite \u00bb\t\t<\/a>\n\n\t\t\t\t<\/div>\n\t\t\t\t<div class=\"elementor-post__meta-data\">\n\t\t\t\t\t<span class=\"elementor-post-date\">\n\t\t\t14\/01\/2026\t\t<\/span>\n\t\t\t\t<span class=\"elementor-post-avatar\">\n\t\t\tAucun commentaire\t\t<\/span>\n\t\t\t\t<\/div>\n\t\t\t\t\t<\/div>\n\t\t<\/article>\n\t\t\t\t<article class=\"elementor-post elementor-grid-item post-266 post type-post status-publish format-standard has-post-thumbnail hentry category-incendie\" role=\"listitem\">\n\t\t\t<div class=\"elementor-post__card\">\n\t\t\t\t<a class=\"elementor-post__thumbnail__link\" href=\"https:\/\/elm-formaction.fr\/index.php\/2026\/01\/14\/formation-evacuation-incendie-formation-professionnelle-66\/\" tabindex=\"-1\" ><div class=\"elementor-post__thumbnail\"><img decoding=\"async\" width=\"226\" height=\"300\" src=\"https:\/\/elm-formaction.fr\/wp-content\/uploads\/2026\/02\/photo-1-3-226x300.jpg\" class=\"attachment-medium size-medium wp-image-1853\" alt=\"Exercice d\u2019\u00e9vacuation incendie \u2013 mise en situation des salari\u00e9s en entreprise\" srcset=\"https:\/\/elm-formaction.fr\/wp-content\/uploads\/2026\/02\/photo-1-3-226x300.jpg 226w, https:\/\/elm-formaction.fr\/wp-content\/uploads\/2026\/02\/photo-1-3-scaled-300x398.jpg 300w, https:\/\/elm-formaction.fr\/wp-content\/uploads\/2026\/02\/photo-1-3-771x1024.jpg 771w, https:\/\/elm-formaction.fr\/wp-content\/uploads\/2026\/02\/photo-1-3-768x1020.jpg 768w, https:\/\/elm-formaction.fr\/wp-content\/uploads\/2026\/02\/photo-1-3-1157x1536.jpg 1157w, https:\/\/elm-formaction.fr\/wp-content\/uploads\/2026\/02\/photo-1-3-1542x2048.jpg 1542w, https:\/\/elm-formaction.fr\/wp-content\/uploads\/2026\/02\/photo-1-3-scaled.jpg 1928w\" sizes=\"(max-width: 226px) 100vw, 226px\" \/><\/div><\/a>\n\t\t\t\t<div class=\"elementor-post__badge\">Incendie<\/div>\n\t\t\t\t<div class=\"elementor-post__avatar\">\n\t\t\t\t\t<\/div>\n\t\t\t\t<div class=\"elementor-post__text\">\n\t\t\t\t<h3 class=\"elementor-post__title\">\n\t\t\t<a href=\"https:\/\/elm-formaction.fr\/index.php\/2026\/01\/14\/formation-evacuation-incendie-formation-professionnelle-66\/\" >\n\t\t\t\tExercices r\u00e8glementaires \u00c9vacuation\/Incendie\t\t\t<\/a>\n\t\t<\/h3>\n\t\t\t\t<div class=\"elementor-post__excerpt\">\n\t\t\t<p>D\u00e9couvrez la Formation Exercices \u00c9vacuation Incendie pour une prise en charge personnalis\u00e9e et adapt\u00e9e \u00e0 votre entreprise.<\/p>\n\t\t<\/div>\n\t\t\n\t\t<a class=\"elementor-post__read-more\" href=\"https:\/\/elm-formaction.fr\/index.php\/2026\/01\/14\/formation-evacuation-incendie-formation-professionnelle-66\/\" aria-label=\"En savoir plus sur Exercices r\u00e8glementaires \u00c9vacuation\/Incendie\" tabindex=\"-1\" >\n\t\t\tLire la suite \u00bb\t\t<\/a>\n\n\t\t\t\t<\/div>\n\t\t\t\t<div class=\"elementor-post__meta-data\">\n\t\t\t\t\t<span class=\"elementor-post-date\">\n\t\t\t14\/01\/2026\t\t<\/span>\n\t\t\t\t<span class=\"elementor-post-avatar\">\n\t\t\tUn commentaire\t\t<\/span>\n\t\t\t\t<\/div>\n\t\t\t\t\t<\/div>\n\t\t<\/article>\n\t\t\t\t<article class=\"elementor-post elementor-grid-item post-591 post type-post status-publish format-standard has-post-thumbnail hentry category-incendie\" role=\"listitem\">\n\t\t\t<div class=\"elementor-post__card\">\n\t\t\t\t<a class=\"elementor-post__thumbnail__link\" href=\"https:\/\/elm-formaction.fr\/index.php\/2026\/01\/14\/formation-incendies-batteries-lithium-ion\/\" tabindex=\"-1\" ><div class=\"elementor-post__thumbnail\"><img decoding=\"async\" width=\"300\" height=\"226\" src=\"https:\/\/elm-formaction.fr\/wp-content\/uploads\/2026\/02\/photo-1-2-300x226.jpg\" class=\"attachment-medium size-medium wp-image-1849\" alt=\"Formation risques incendie batteries lithium-ion \u2013 pr\u00e9vention et conduite \u00e0 tenir\" srcset=\"https:\/\/elm-formaction.fr\/wp-content\/uploads\/2026\/02\/photo-1-2-300x226.jpg 300w, https:\/\/elm-formaction.fr\/wp-content\/uploads\/2026\/02\/photo-1-2-1024x771.jpg 1024w, https:\/\/elm-formaction.fr\/wp-content\/uploads\/2026\/02\/photo-1-2-768x578.jpg 768w, https:\/\/elm-formaction.fr\/wp-content\/uploads\/2026\/02\/photo-1-2-1536x1157.jpg 1536w, https:\/\/elm-formaction.fr\/wp-content\/uploads\/2026\/02\/photo-1-2-2048x1542.jpg 2048w\" sizes=\"(max-width: 300px) 100vw, 300px\" \/><\/div><\/a>\n\t\t\t\t<div class=\"elementor-post__badge\">Incendie<\/div>\n\t\t\t\t<div class=\"elementor-post__avatar\">\n\t\t\t\t\t<\/div>\n\t\t\t\t<div class=\"elementor-post__text\">\n\t\t\t\t<h3 class=\"elementor-post__title\">\n\t\t\t<a href=\"https:\/\/elm-formaction.fr\/index.php\/2026\/01\/14\/formation-incendies-batteries-lithium-ion\/\" >\n\t\t\t\tModule sp\u00e9cifique batteries Lithium-Ion\t\t\t<\/a>\n\t\t<\/h3>\n\t\t\t\t<div class=\"elementor-post__excerpt\">\n\t\t\t<p>Module risques des batteries Lithium-ion Comprendre les risques li\u00e9s aux batteries Lithium-ion \u23f1\ufe0f Dur\u00e9e1\/2 jour (3h) \ud83d\udc65 PublicTout salari\u00e9 \ud83d\udc65 Nombre de participantsDe 1 \u00e0<\/p>\n\t\t<\/div>\n\t\t\n\t\t<a class=\"elementor-post__read-more\" href=\"https:\/\/elm-formaction.fr\/index.php\/2026\/01\/14\/formation-incendies-batteries-lithium-ion\/\" aria-label=\"En savoir plus sur Module sp\u00e9cifique batteries Lithium-Ion\" tabindex=\"-1\" >\n\t\t\tLire la suite \u00bb\t\t<\/a>\n\n\t\t\t\t<\/div>\n\t\t\t\t<div class=\"elementor-post__meta-data\">\n\t\t\t\t\t<span class=\"elementor-post-date\">\n\t\t\t14\/01\/2026\t\t<\/span>\n\t\t\t\t<span class=\"elementor-post-avatar\">\n\t\t\tAucun commentaire\t\t<\/span>\n\t\t\t\t<\/div>\n\t\t\t\t\t<\/div>\n\t\t<\/article>\n\t\t\t\t<article class=\"elementor-post elementor-grid-item post-1948 post type-post status-publish format-standard has-post-thumbnail hentry category-incendie\" role=\"listitem\">\n\t\t\t<div class=\"elementor-post__card\">\n\t\t\t\t<a class=\"elementor-post__thumbnail__link\" href=\"https:\/\/elm-formaction.fr\/index.php\/2026\/01\/14\/formation-ari-circuit-ouvert\/\" tabindex=\"-1\" ><div class=\"elementor-post__thumbnail\"><img loading=\"lazy\" decoding=\"async\" width=\"300\" height=\"212\" src=\"https:\/\/elm-formaction.fr\/wp-content\/uploads\/2026\/02\/converted-7-1200x849-1-300x212.jpg\" class=\"attachment-medium size-medium wp-image-1946\" alt=\"Formation A.R.I circuit ouvert \u2013 port et utilisation d\u2019un appareil respiratoire isolant\" srcset=\"https:\/\/elm-formaction.fr\/wp-content\/uploads\/2026\/02\/converted-7-1200x849-1-300x212.jpg 300w, https:\/\/elm-formaction.fr\/wp-content\/uploads\/2026\/02\/converted-7-1200x849-1-1024x724.jpg 1024w, https:\/\/elm-formaction.fr\/wp-content\/uploads\/2026\/02\/converted-7-1200x849-1-768x543.jpg 768w, https:\/\/elm-formaction.fr\/wp-content\/uploads\/2026\/02\/converted-7-1200x849-1.jpg 1200w\" sizes=\"(max-width: 300px) 100vw, 300px\" \/><\/div><\/a>\n\t\t\t\t<div class=\"elementor-post__badge\">Incendie<\/div>\n\t\t\t\t<div class=\"elementor-post__avatar\">\n\t\t\t\t\t<\/div>\n\t\t\t\t<div class=\"elementor-post__text\">\n\t\t\t\t<h3 class=\"elementor-post__title\">\n\t\t\t<a href=\"https:\/\/elm-formaction.fr\/index.php\/2026\/01\/14\/formation-ari-circuit-ouvert\/\" >\n\t\t\t\tPort de l&rsquo;A.R.I (Appareil Respiratoire Isolant) &#8211; Circuit Ouvert\t\t\t<\/a>\n\t\t<\/h3>\n\t\t\t\t<div class=\"elementor-post__excerpt\">\n\t\t\t<p>Port de l&rsquo;Appareil Respiratoire Isolant (A.R.I) &#8211; Circuit ouvert Apprendre et comprendre les gestes et bonnes pratiques li\u00e9es au port de l&rsquo;A.R.I \u23f1\ufe0f Dur\u00e9e1\/2 jour<\/p>\n\t\t<\/div>\n\t\t\n\t\t<a class=\"elementor-post__read-more\" href=\"https:\/\/elm-formaction.fr\/index.php\/2026\/01\/14\/formation-ari-circuit-ouvert\/\" aria-label=\"En savoir plus sur Port de l&rsquo;A.R.I (Appareil Respiratoire Isolant) &#8211; Circuit Ouvert\" tabindex=\"-1\" >\n\t\t\tLire la suite \u00bb\t\t<\/a>\n\n\t\t\t\t<\/div>\n\t\t\t\t<div class=\"elementor-post__meta-data\">\n\t\t\t\t\t<span class=\"elementor-post-date\">\n\t\t\t14\/01\/2026\t\t<\/span>\n\t\t\t\t<span class=\"elementor-post-avatar\">\n\t\t\tAucun commentaire\t\t<\/span>\n\t\t\t\t<\/div>\n\t\t\t\t\t<\/div>\n\t\t<\/article>\n\t\t\t\t<\/div>\n\t\t\n\t\t\t\t\t\t<\/div>\n\t\t\t\t<\/div>\n\t\t\t\t\t<\/div>\n\t\t\t\t<\/div>\n\t\t\t\t<\/div>\n\t\t","protected":false},"excerpt":{"rendered":"","protected":false},"author":1,"featured_media":3967,"parent":0,"menu_order":0,"comment_status":"closed","ping_status":"closed","template":"","meta":{"footnotes":""},"class_list":["post-1387","page","type-page","status-publish","has-post-thumbnail","hentry"],"yoast_head":"<!-- This site is optimized with the Yoast SEO plugin v27.5 - https:\/\/yoast.com\/product\/yoast-seo-wordpress\/ -->\n<title>Formations incendie en entreprise - Toute nos formations<\/title>\n<meta name=\"description\" content=\"Formations incendie - Retrouvez toutes nos formations incendie en entreprise. Formez vous aujourd&#039;hui, agissez demain.\" \/>\n<meta name=\"robots\" content=\"index, follow, max-snippet:-1, max-image-preview:large, max-video-preview:-1\" \/>\n<link rel=\"canonical\" href=\"https:\/\/elm-formaction.fr\/index.php\/formations-incendie-en-entreprise\/\" \/>\n<meta property=\"og:locale\" content=\"fr_FR\" \/>\n<meta property=\"og:type\" content=\"article\" \/>\n<meta property=\"og:title\" content=\"Formations incendie en entreprise - Toute nos formations\" \/>\n<meta property=\"og:description\" content=\"Formations incendie - Retrouvez toutes nos formations incendie en entreprise. Formez vous aujourd&#039;hui, agissez demain.\" \/>\n<meta property=\"og:url\" content=\"https:\/\/elm-formaction.fr\/index.php\/formations-incendie-en-entreprise\/\" \/>\n<meta property=\"og:site_name\" content=\"ELM-FORMACTION\" \/>\n<meta property=\"article:publisher\" content=\"https:\/\/www.facebook.com\/people\/ELM-FormAction\/61573750692677\/\" \/>\n<meta property=\"article:modified_time\" content=\"2026-04-21T12:47:50+00:00\" \/>\n<meta property=\"og:image\" content=\"https:\/\/elm-formaction.fr\/wp-content\/uploads\/2026\/04\/istockphoto-1678464551-612x612-1.jpg\" \/>\n\t<meta property=\"og:image:width\" content=\"612\" \/>\n\t<meta property=\"og:image:height\" content=\"408\" \/>\n\t<meta property=\"og:image:type\" content=\"image\/jpeg\" \/>\n<meta name=\"twitter:card\" content=\"summary_large_image\" \/>\n<meta name=\"twitter:label1\" content=\"Dur\u00e9e de lecture estim\u00e9e\" \/>\n\t<meta name=\"twitter:data1\" content=\"3 minutes\" \/>\n<script type=\"application\/ld+json\" class=\"yoast-schema-graph\">{\"@context\":\"https:\\\/\\\/schema.org\",\"@graph\":[{\"@type\":\"WebPage\",\"@id\":\"https:\\\/\\\/elm-formaction.fr\\\/index.php\\\/formations-incendie-en-entreprise\\\/\",\"url\":\"https:\\\/\\\/elm-formaction.fr\\\/index.php\\\/formations-incendie-en-entreprise\\\/\",\"name\":\"Formations incendie en entreprise - Toute nos formations\",\"isPartOf\":{\"@id\":\"https:\\\/\\\/elm-formaction.fr\\\/#website\"},\"primaryImageOfPage\":{\"@id\":\"https:\\\/\\\/elm-formaction.fr\\\/index.php\\\/formations-incendie-en-entreprise\\\/#primaryimage\"},\"image\":{\"@id\":\"https:\\\/\\\/elm-formaction.fr\\\/index.php\\\/formations-incendie-en-entreprise\\\/#primaryimage\"},\"thumbnailUrl\":\"https:\\\/\\\/elm-formaction.fr\\\/wp-content\\\/uploads\\\/2026\\\/04\\\/istockphoto-1678464551-612x612-1.jpg\",\"datePublished\":\"2026-01-12T09:02:45+00:00\",\"dateModified\":\"2026-04-21T12:47:50+00:00\",\"description\":\"Formations incendie - Retrouvez toutes nos formations incendie en entreprise. Formez vous aujourd'hui, agissez demain.\",\"breadcrumb\":{\"@id\":\"https:\\\/\\\/elm-formaction.fr\\\/index.php\\\/formations-incendie-en-entreprise\\\/#breadcrumb\"},\"inLanguage\":\"fr-FR\",\"potentialAction\":[{\"@type\":\"ReadAction\",\"target\":[\"https:\\\/\\\/elm-formaction.fr\\\/index.php\\\/formations-incendie-en-entreprise\\\/\"]}]},{\"@type\":\"ImageObject\",\"inLanguage\":\"fr-FR\",\"@id\":\"https:\\\/\\\/elm-formaction.fr\\\/index.php\\\/formations-incendie-en-entreprise\\\/#primaryimage\",\"url\":\"https:\\\/\\\/elm-formaction.fr\\\/wp-content\\\/uploads\\\/2026\\\/04\\\/istockphoto-1678464551-612x612-1.jpg\",\"contentUrl\":\"https:\\\/\\\/elm-formaction.fr\\\/wp-content\\\/uploads\\\/2026\\\/04\\\/istockphoto-1678464551-612x612-1.jpg\",\"width\":612,\"height\":408,\"caption\":\"Employees firefighting training, Concept Employees hand using fire extinguisher fighting fire closeup\"},{\"@type\":\"BreadcrumbList\",\"@id\":\"https:\\\/\\\/elm-formaction.fr\\\/index.php\\\/formations-incendie-en-entreprise\\\/#breadcrumb\",\"itemListElement\":[{\"@type\":\"ListItem\",\"position\":1,\"name\":\"Accueil\",\"item\":\"https:\\\/\\\/elm-formaction.fr\\\/\"},{\"@type\":\"ListItem\",\"position\":2,\"name\":\"Incendie\"}]},{\"@type\":\"WebSite\",\"@id\":\"https:\\\/\\\/elm-formaction.fr\\\/#website\",\"url\":\"https:\\\/\\\/elm-formaction.fr\\\/\",\"name\":\"ELM-FORMACTION\",\"description\":\"Formez vous aujourd&#039;hui, agissez demain\",\"publisher\":{\"@id\":\"https:\\\/\\\/elm-formaction.fr\\\/#organization\"},\"potentialAction\":[{\"@type\":\"SearchAction\",\"target\":{\"@type\":\"EntryPoint\",\"urlTemplate\":\"https:\\\/\\\/elm-formaction.fr\\\/?s={search_term_string}\"},\"query-input\":{\"@type\":\"PropertyValueSpecification\",\"valueRequired\":true,\"valueName\":\"search_term_string\"}}],\"inLanguage\":\"fr-FR\"},{\"@type\":\"Organization\",\"@id\":\"https:\\\/\\\/elm-formaction.fr\\\/#organization\",\"name\":\"ELM-FORMACTION\",\"url\":\"https:\\\/\\\/elm-formaction.fr\\\/\",\"logo\":{\"@type\":\"ImageObject\",\"inLanguage\":\"fr-FR\",\"@id\":\"https:\\\/\\\/elm-formaction.fr\\\/#\\\/schema\\\/logo\\\/image\\\/\",\"url\":\"https:\\\/\\\/elm-formaction.fr\\\/wp-content\\\/uploads\\\/2025\\\/06\\\/Logo-pour-fond-blanc-2.svg\",\"contentUrl\":\"https:\\\/\\\/elm-formaction.fr\\\/wp-content\\\/uploads\\\/2025\\\/06\\\/Logo-pour-fond-blanc-2.svg\",\"width\":493,\"height\":158,\"caption\":\"ELM-FORMACTION\"},\"image\":{\"@id\":\"https:\\\/\\\/elm-formaction.fr\\\/#\\\/schema\\\/logo\\\/image\\\/\"},\"sameAs\":[\"https:\\\/\\\/www.facebook.com\\\/people\\\/ELM-FormAction\\\/61573750692677\\\/\",\"https:\\\/\\\/www.instagram.com\\\/elm_formaction\\\/\"]}]}<\/script>\n<!-- \/ Yoast SEO plugin. -->","yoast_head_json":{"title":"Formations incendie en entreprise - Toute nos formations","description":"Formations incendie - Retrouvez toutes nos formations incendie en entreprise. Formez vous aujourd'hui, agissez demain.","robots":{"index":"index","follow":"follow","max-snippet":"max-snippet:-1","max-image-preview":"max-image-preview:large","max-video-preview":"max-video-preview:-1"},"canonical":"https:\/\/elm-formaction.fr\/index.php\/formations-incendie-en-entreprise\/","og_locale":"fr_FR","og_type":"article","og_title":"Formations incendie en entreprise - Toute nos formations","og_description":"Formations incendie - Retrouvez toutes nos formations incendie en entreprise. Formez vous aujourd'hui, agissez demain.","og_url":"https:\/\/elm-formaction.fr\/index.php\/formations-incendie-en-entreprise\/","og_site_name":"ELM-FORMACTION","article_publisher":"https:\/\/www.facebook.com\/people\/ELM-FormAction\/61573750692677\/","article_modified_time":"2026-04-21T12:47:50+00:00","og_image":[{"width":612,"height":408,"url":"https:\/\/elm-formaction.fr\/wp-content\/uploads\/2026\/04\/istockphoto-1678464551-612x612-1.jpg","type":"image\/jpeg"}],"twitter_card":"summary_large_image","twitter_misc":{"Dur\u00e9e de lecture estim\u00e9e":"3 minutes"},"schema":{"@context":"https:\/\/schema.org","@graph":[{"@type":"WebPage","@id":"https:\/\/elm-formaction.fr\/index.php\/formations-incendie-en-entreprise\/","url":"https:\/\/elm-formaction.fr\/index.php\/formations-incendie-en-entreprise\/","name":"Formations incendie en entreprise - Toute nos formations","isPartOf":{"@id":"https:\/\/elm-formaction.fr\/#website"},"primaryImageOfPage":{"@id":"https:\/\/elm-formaction.fr\/index.php\/formations-incendie-en-entreprise\/#primaryimage"},"image":{"@id":"https:\/\/elm-formaction.fr\/index.php\/formations-incendie-en-entreprise\/#primaryimage"},"thumbnailUrl":"https:\/\/elm-formaction.fr\/wp-content\/uploads\/2026\/04\/istockphoto-1678464551-612x612-1.jpg","datePublished":"2026-01-12T09:02:45+00:00","dateModified":"2026-04-21T12:47:50+00:00","description":"Formations incendie - Retrouvez toutes nos formations incendie en entreprise. Formez vous aujourd'hui, agissez demain.","breadcrumb":{"@id":"https:\/\/elm-formaction.fr\/index.php\/formations-incendie-en-entreprise\/#breadcrumb"},"inLanguage":"fr-FR","potentialAction":[{"@type":"ReadAction","target":["https:\/\/elm-formaction.fr\/index.php\/formations-incendie-en-entreprise\/"]}]},{"@type":"ImageObject","inLanguage":"fr-FR","@id":"https:\/\/elm-formaction.fr\/index.php\/formations-incendie-en-entreprise\/#primaryimage","url":"https:\/\/elm-formaction.fr\/wp-content\/uploads\/2026\/04\/istockphoto-1678464551-612x612-1.jpg","contentUrl":"https:\/\/elm-formaction.fr\/wp-content\/uploads\/2026\/04\/istockphoto-1678464551-612x612-1.jpg","width":612,"height":408,"caption":"Employees firefighting training, Concept Employees hand using fire extinguisher fighting fire closeup"},{"@type":"BreadcrumbList","@id":"https:\/\/elm-formaction.fr\/index.php\/formations-incendie-en-entreprise\/#breadcrumb","itemListElement":[{"@type":"ListItem","position":1,"name":"Accueil","item":"https:\/\/elm-formaction.fr\/"},{"@type":"ListItem","position":2,"name":"Incendie"}]},{"@type":"WebSite","@id":"https:\/\/elm-formaction.fr\/#website","url":"https:\/\/elm-formaction.fr\/","name":"ELM-FORMACTION","description":"Formez vous aujourd&#039;hui, agissez demain","publisher":{"@id":"https:\/\/elm-formaction.fr\/#organization"},"potentialAction":[{"@type":"SearchAction","target":{"@type":"EntryPoint","urlTemplate":"https:\/\/elm-formaction.fr\/?s={search_term_string}"},"query-input":{"@type":"PropertyValueSpecification","valueRequired":true,"valueName":"search_term_string"}}],"inLanguage":"fr-FR"},{"@type":"Organization","@id":"https:\/\/elm-formaction.fr\/#organization","name":"ELM-FORMACTION","url":"https:\/\/elm-formaction.fr\/","logo":{"@type":"ImageObject","inLanguage":"fr-FR","@id":"https:\/\/elm-formaction.fr\/#\/schema\/logo\/image\/","url":"https:\/\/elm-formaction.fr\/wp-content\/uploads\/2025\/06\/Logo-pour-fond-blanc-2.svg","contentUrl":"https:\/\/elm-formaction.fr\/wp-content\/uploads\/2025\/06\/Logo-pour-fond-blanc-2.svg","width":493,"height":158,"caption":"ELM-FORMACTION"},"image":{"@id":"https:\/\/elm-formaction.fr\/#\/schema\/logo\/image\/"},"sameAs":["https:\/\/www.facebook.com\/people\/ELM-FormAction\/61573750692677\/","https:\/\/www.instagram.com\/elm_formaction\/"]}]}},"_links":{"self":[{"href":"https:\/\/elm-formaction.fr\/index.php\/wp-json\/wp\/v2\/pages\/1387","targetHints":{"allow":["GET"]}}],"collection":[{"href":"https:\/\/elm-formaction.fr\/index.php\/wp-json\/wp\/v2\/pages"}],"about":[{"href":"https:\/\/elm-formaction.fr\/index.php\/wp-json\/wp\/v2\/types\/page"}],"author":[{"embeddable":true,"href":"https:\/\/elm-formaction.fr\/index.php\/wp-json\/wp\/v2\/users\/1"}],"replies":[{"embeddable":true,"href":"https:\/\/elm-formaction.fr\/index.php\/wp-json\/wp\/v2\/comments?post=1387"}],"version-history":[{"count":13,"href":"https:\/\/elm-formaction.fr\/index.php\/wp-json\/wp\/v2\/pages\/1387\/revisions"}],"predecessor-version":[{"id":3976,"href":"https:\/\/elm-formaction.fr\/index.php\/wp-json\/wp\/v2\/pages\/1387\/revisions\/3976"}],"wp:featuredmedia":[{"embeddable":true,"href":"https:\/\/elm-formaction.fr\/index.php\/wp-json\/wp\/v2\/media\/3967"}],"wp:attachment":[{"href":"https:\/\/elm-formaction.fr\/index.php\/wp-json\/wp\/v2\/media?parent=1387"}],"curies":[{"name":"wp","href":"https:\/\/api.w.org\/{rel}","templated":true}]}}